{"id":206,"date":"2024-05-13T07:23:33","date_gmt":"2024-05-13T06:23:33","guid":{"rendered":"http:\/\/40.113.51.165\/?page_id=206"},"modified":"2026-01-07T09:02:55","modified_gmt":"2026-01-07T08:02:55","slug":"about-us","status":"publish","type":"page","link":"https:\/\/www.emvico.se\/en\/about-us\/","title":{"rendered":"About us"},"content":{"rendered":"<p>[et_pb_section fb_built=&#8221;1&#8243; admin_label=&#8221;Section&#8221; module_id=&#8221;em-page-about&#8221; _builder_version=&#8221;4.25.1&#8243; _module_preset=&#8221;default&#8221; background_color=&#8221;#ffffff&#8221; custom_margin=&#8221;0px|0px|0px|0px|false|false&#8221; custom_padding=&#8221;0px|0px|0px|0px|false|false&#8221; global_colors_info=&#8221;{}&#8221;][et_pb_row admin_label=&#8221;Intro&#8221; module_class=&#8221;em-row-intro&#8221; _builder_version=&#8221;4.25.1&#8243; _module_preset=&#8221;default&#8221; background_color=&#8221;RGBA(255,255,255,0)&#8221; width=&#8221;100%&#8221; height=&#8221;80vh&#8221; custom_margin=&#8221;||3.75rem||false|false&#8221; custom_padding=&#8221;||||false|false&#8221; global_colors_info=&#8221;{}&#8221;][et_pb_column type=&#8221;4_4&#8243; module_class=&#8221;em-header-column&#8221; admin_label=&#8221;Column&#8221; _builder_version=&#8221;4.25.1&#8243; _module_preset=&#8221;default&#8221; custom_padding=&#8221;||||false|false&#8221; global_colors_info=&#8221;{}&#8221;][et_pb_heading title=&#8221;Emvico \u2013 IT-kompetens med personlig touch&#8221; admin_label=&#8221;Heading&#8221; _builder_version=&#8221;4.27.2&#8243; _module_preset=&#8221;4ef65c5c-4051-4834-9d87-668202d3644b&#8221; title_level=&#8221;h1&#8243; title_font=&#8221;||||||||&#8221; global_colors_info=&#8221;{}&#8221;][\/et_pb_heading][et_pb_text _builder_version=&#8221;4.27.2&#8243; _module_preset=&#8221;21a5b58c-4488-4ce3-85fd-c450a38dc7ef&#8221; text_font_size=&#8221;1.1rem&#8221; global_colors_info=&#8221;{}&#8221;]<\/p>\n<p><span style=\"font-weight: 400;\">Emvico grundades 2014 av Rickard Falk, Fredrik Andersson och Fredrik Lundkvist, som tidigare arbetat tillsammans p\u00e5 ledande tekniska och chefspositioner hos Sigma\/Nexer, Sveriges st\u00f6rsta IT-f\u00f6retag. Med en \u00f6nskan om att sj\u00e4lva kunna v\u00e4lja vilka projekt de engagerade sig i, valde de att starta Emvico \u2013 en IT-partner med fokus p\u00e5 att leverera mjukvaruutveckling i form av b\u00e5de inhyrd expertis och helhets\u00e5taganden.<\/span><\/p>\n<p><span style=\"font-weight: 400;\">Genom att kombinera senior kompetens med en flexibel och kostnadseffektiv leveransmodell, samarbetar Emvico med l\u00e5ngsiktiga near-shore partners i Ukraina och Polen. Detta g\u00f6r att vi kan erbjuda v\u00e5ra kunder p\u00e5litliga och skalbara l\u00f6sningar med h\u00f6g kvalitet.<\/span><\/p>\n<p>[\/et_pb_text][et_pb_button button_url=&#8221;\/contact\/&#8221; button_text=&#8221;H\u00f6r av er idag&#8221; module_class=&#8221;em-button&#8221; _builder_version=&#8221;4.27.3&#8243; _module_preset=&#8221;74c203bb-f696-45df-b3d5-54707c846cec&#8221; custom_margin=&#8221;0px|0px|0px|0px|false|false&#8221; custom_padding=&#8221;0.5rem|3.4rem|0.5rem|2rem|false|false&#8221; global_colors_info=&#8221;{}&#8221;][\/et_pb_button][\/et_pb_column][\/et_pb_row][et_pb_row admin_label=&#8221;Team&#8221; module_class=&#8221;em-row-team&#8221; _builder_version=&#8221;4.27.4&#8243; _module_preset=&#8221;default&#8221; background_color=&#8221;#ffffff&#8221; width=&#8221;100%&#8221; custom_padding=&#8221;||||false|false&#8221; global_colors_info=&#8221;{}&#8221;][et_pb_column type=&#8221;4_4&#8243; module_class=&#8221;em-person&#8221; _builder_version=&#8221;4.25.1&#8243; _module_preset=&#8221;default&#8221; custom_padding=&#8221;||||false|false&#8221; border_color_all=&#8221;#A3A3A3&#8243; global_colors_info=&#8221;{}&#8221; custom_css_main_element_last_edited=&#8221;off|phone&#8221;][et_pb_team_member name=&#8221;Fredrik Andersson&#8221; position=&#8221;Sr Arkitekt&#8221; image_url=&#8221;https:\/\/www.emvico.se\/wp-content\/uploads\/2024\/10\/Fredrik-Andersson.jpg&#8221; linkedin_url=&#8221;https:\/\/www.linkedin.com\/in\/fredrik-andersson-04b6a53\/&#8221; icon_color=&#8221;#4BA4DD&#8221; module_class=&#8221;em-person-card&#8221; _builder_version=&#8221;4.27.2&#8243; _module_preset=&#8221;default&#8221; header_font=&#8221;&#8211;et_global_body_font|700|||||||&#8221; header_text_color=&#8221;#C69C46&#8243; header_font_size=&#8221;1.25rem&#8221; position_font=&#8221;|600|||||||&#8221; position_text_color=&#8221;#4BA4DD&#8221; position_font_size=&#8221;1rem&#8221; border_width_all=&#8221;0px&#8221; border_width_all_image=&#8221;1px&#8221; border_color_all_image=&#8221;#C69C46&#8243; global_colors_info=&#8221;{}&#8221;]<\/p>\n<p><span>Har arbetade tidigare som Sr Arkitekt och ansvarig f\u00f6r plattformar inom det som idag \u00e4r Nexer.<\/span><\/p>\n<p>[\/et_pb_team_member][et_pb_team_member name=&#8221;Jimmy Eriksson&#8221; position=&#8221;S\u00e4lj &#038; Marknad&#8221; image_url=&#8221;https:\/\/www.emvico.se\/wp-content\/uploads\/2026\/01\/Jimmy-Eriksson.jpg&#8221; linkedin_url=&#8221;https:\/\/www.linkedin.com\/in\/jieriksson\/&#8221; icon_color=&#8221;#4BA4DD&#8221; module_class=&#8221;em-person-card&#8221; _builder_version=&#8221;4.27.4&#8243; _module_preset=&#8221;default&#8221; header_font=&#8221;&#8211;et_global_body_font|700|||||||&#8221; header_text_color=&#8221;#C69C46&#8243; header_font_size=&#8221;1.25rem&#8221; position_font=&#8221;|600|||||||&#8221; position_text_color=&#8221;#4BA4DD&#8221; position_font_size=&#8221;1rem&#8221; hover_enabled=&#8221;0&#8243; border_width_all=&#8221;0px&#8221; border_width_all_image=&#8221;1px&#8221; border_color_all_image=&#8221;#C69C46&#8243; global_colors_info=&#8221;{}&#8221; sticky_enabled=&#8221;0&#8243; title_text=&#8221;Jimmy Eriksson&#8221;]<\/p>\n<p><span>25 \u00e5r inom IT med fokus p\u00e5 entrepren\u00f6rskap, ledning, chefskap och f\u00f6rs\u00e4ljning\u00a0p\u00e5 Xenit AB och Sogeti.<\/span><\/p>\n<p>[\/et_pb_team_member][et_pb_team_member name=&#8221;Rickard Falk&#8221; position=&#8221;Sr Arkitekt&#8221; image_url=&#8221;https:\/\/www.emvico.se\/wp-content\/uploads\/2024\/10\/Rickard-Falk.jpg&#8221; linkedin_url=&#8221;https:\/\/www.linkedin.com\/in\/rickardfa\/&#8221; icon_color=&#8221;#4BA4DD&#8221; module_class=&#8221;em-person-card&#8221; _builder_version=&#8221;4.27.2&#8243; _module_preset=&#8221;default&#8221; header_font=&#8221;&#8211;et_global_body_font|700|||||||&#8221; header_text_color=&#8221;#C69C46&#8243; header_font_size=&#8221;1.25rem&#8221; position_font=&#8221;|600|||||||&#8221; position_text_color=&#8221;#4BA4DD&#8221; position_font_size=&#8221;1rem&#8221; border_width_all=&#8221;0px&#8221; border_width_all_image=&#8221;1px&#8221; border_color_all_image=&#8221;#C69C46&#8243; global_colors_info=&#8221;{}&#8221;]<\/p>\n<p><span>Var tidigare Chefsarkitekt inom det som idag \u00e4r Nexer.<\/span><\/p>\n<p>[\/et_pb_team_member][et_pb_team_member name=&#8221;Per G\u00f6rtz&#8221; position=&#8221;Utvecklare&#8221; image_url=&#8221;https:\/\/www.emvico.se\/wp-content\/uploads\/2024\/10\/Per-Gortz.jpg&#8221; linkedin_url=&#8221;https:\/\/www.linkedin.com\/in\/per-g%C3%B6rtz-5ok3r50mma47088\/&#8221; icon_color=&#8221;#4BA4DD&#8221; module_class=&#8221;em-person-card&#8221; _builder_version=&#8221;4.27.2&#8243; _module_preset=&#8221;default&#8221; header_font=&#8221;&#8211;et_global_body_font|700|||||||&#8221; header_text_color=&#8221;#C69C46&#8243; header_font_size=&#8221;1.25rem&#8221; position_font=&#8221;|600|||||||&#8221; position_text_color=&#8221;#4BA4DD&#8221; position_font_size=&#8221;1rem&#8221; border_width_all=&#8221;0px&#8221; border_width_all_image=&#8221;1px&#8221; border_color_all_image=&#8221;#C69C46&#8243; global_colors_info=&#8221;{}&#8221;]<\/p>\n<p><span>Or\u00e4dd, kommunikativ och ambiti\u00f6s utvecklare som hanterar teknik och kundkommunikation perfekt.<\/span><\/p>\n<p>[\/et_pb_team_member][et_pb_team_member name=&#8221;Sebastian Junhem&#8221; position=&#8221;Utvecklare&#8221; image_url=&#8221;https:\/\/www.emvico.se\/wp-content\/uploads\/2024\/10\/Sebastian-Junhem.jpg&#8221; linkedin_url=&#8221;https:\/\/www.linkedin.com\/in\/sebastian-junhem-640b12129\/&#8221; icon_color=&#8221;#4BA4DD&#8221; module_class=&#8221;em-person-card&#8221; _builder_version=&#8221;4.27.2&#8243; _module_preset=&#8221;default&#8221; header_font=&#8221;&#8211;et_global_body_font|700|||||||&#8221; header_text_color=&#8221;#C69C46&#8243; header_font_size=&#8221;1.25rem&#8221; position_font=&#8221;|600|||||||&#8221; position_text_color=&#8221;#4BA4DD&#8221; position_font_size=&#8221;1rem&#8221; border_width_all=&#8221;0px&#8221; border_width_all_image=&#8221;1px&#8221; border_color_all_image=&#8221;#C69C46&#8243; global_colors_info=&#8221;{}&#8221;]<\/p>\n<p><span>Talangafull utvecklare som bland annat har ansvar f\u00f6r en av de mer komplexa l\u00f6sningar vi byggt och sk\u00f6ter den i dialog med n\u00e5gra av v\u00e5ra utvecklare i Warszawa-hubben.<\/span><\/p>\n<p>[\/et_pb_team_member][et_pb_team_member name=&#8221;Alexander Lindqvist&#8221; position=&#8221;Utvecklare&#8221; image_url=&#8221;https:\/\/www.emvico.se\/wp-content\/uploads\/2024\/10\/Alexander-Lindqvist_02.jpg&#8221; linkedin_url=&#8221;https:\/\/www.linkedin.com\/in\/alexander-lindqvist-b46685210\/&#8221; icon_color=&#8221;#4BA4DD&#8221; module_class=&#8221;em-person-card&#8221; _builder_version=&#8221;4.27.2&#8243; _module_preset=&#8221;default&#8221; header_font=&#8221;&#8211;et_global_body_font|700|||||||&#8221; header_text_color=&#8221;#C69C46&#8243; header_font_size=&#8221;1.25rem&#8221; position_font=&#8221;|600|||||||&#8221; position_text_color=&#8221;#4BA4DD&#8221; position_font_size=&#8221;1rem&#8221; border_width_all=&#8221;0px&#8221; border_width_all_image=&#8221;1px&#8221; border_color_all_image=&#8221;#C69C46&#8243; global_colors_info=&#8221;{}&#8221;]<\/p>\n<p><span>V\u00e5r f\u00f6rst anst\u00e4llda utvecklare som jobbar p\u00e5 daglig basis med v\u00e5rt folk i Ukraina och tillsammans med dem levererar ett stort nyckelsystem till en kund, d\u00e4r kunden ger h\u00f6gsta betyg till teamet f\u00f6r kombination velocity och kvalitet.\u00a0<\/span><\/p>\n<p>[\/et_pb_team_member][et_pb_team_member name=&#8221;Fredrik Lundkvist&#8221; position=&#8221;VD&#8221; image_url=&#8221;https:\/\/www.emvico.se\/wp-content\/uploads\/2024\/10\/Fredrik-Lundkvist.jpg&#8221; linkedin_url=&#8221;https:\/\/www.linkedin.com\/in\/fredriklundkvist\/&#8221; icon_color=&#8221;#4BA4DD&#8221; module_class=&#8221;em-person-card&#8221; _builder_version=&#8221;4.27.2&#8243; _module_preset=&#8221;default&#8221; header_font=&#8221;&#8211;et_global_body_font|700|||||||&#8221; header_text_color=&#8221;#C69C46&#8243; header_font_size=&#8221;1.25rem&#8221; position_font=&#8221;|600|||||||&#8221; position_text_color=&#8221;#4BA4DD&#8221; position_font_size=&#8221;1rem&#8221; border_width_all=&#8221;0px&#8221; border_width_all_image=&#8221;1px&#8221; border_color_all_image=&#8221;#C69C46&#8243; global_colors_info=&#8221;{}&#8221; admin_label=&#8221;Person&#8221;]<\/p>\n<p><span>Arbetade tidigare som bland annat VD inom det som idag \u00e4r Nexer.<\/span><\/p>\n<p>[\/et_pb_team_member][et_pb_team_member name=&#8221;Krister Nielsen&#8221; position=&#8221;UX\/UI&#8221; image_url=&#8221;https:\/\/www.emvico.se\/wp-content\/uploads\/2024\/10\/Krister-Nielsen.jpg&#8221; linkedin_url=&#8221;https:\/\/www.linkedin.com\/in\/krister-nielsen-a71a25228\/&#8221; icon_color=&#8221;#4BA4DD&#8221; module_class=&#8221;em-person-card&#8221; _builder_version=&#8221;4.27.2&#8243; _module_preset=&#8221;default&#8221; header_font=&#8221;&#8211;et_global_body_font|700|||||||&#8221; header_text_color=&#8221;#C69C46&#8243; header_font_size=&#8221;1.25rem&#8221; position_font=&#8221;|600|||||||&#8221; position_text_color=&#8221;#4BA4DD&#8221; position_font_size=&#8221;1rem&#8221; border_width_all=&#8221;0px&#8221; border_width_all_image=&#8221;1px&#8221; border_color_all_image=&#8221;#C69C46&#8243; global_colors_info=&#8221;{}&#8221;]<\/p>\n<p><span>G\u00f6r allt grafiskt och anv\u00e4ndarorienterat, fr\u00e5n mockups s\u00e5 kunden kan f\u00f6rst\u00e5 exakt vad och hur ett system\/funktion fungerar till designer p\u00e5 webb, padda och mobil av v\u00e5ra l\u00f6sningar.<\/span><\/p>\n<p>[\/et_pb_team_member][et_pb_team_member name=&#8221;Jacob Nobrant&#8221; position=&#8221;Utvecklare&#8221; image_url=&#8221;https:\/\/www.emvico.se\/wp-content\/uploads\/2024\/10\/Jacob-Nobrant.jpg&#8221; icon_color=&#8221;#4BA4DD&#8221; module_class=&#8221;em-person-card&#8221; _builder_version=&#8221;4.27.2&#8243; _module_preset=&#8221;default&#8221; header_font=&#8221;&#8211;et_global_body_font|700|||||||&#8221; header_text_color=&#8221;#C69C46&#8243; header_font_size=&#8221;1.25rem&#8221; position_font=&#8221;|600|||||||&#8221; position_text_color=&#8221;#4BA4DD&#8221; position_font_size=&#8221;1rem&#8221; border_width_all=&#8221;0px&#8221; border_width_all_image=&#8221;1px&#8221; border_color_all_image=&#8221;#C69C46&#8243; global_colors_info=&#8221;{}&#8221;]<\/p>\n<p><span>Naturbeg\u00e5vning p\u00e5 programmering. Utvecklar allt och g\u00f6r det super och f\u00f6rkroppsligar det teknikagnostiska t\u00e4nket och sj\u00e4lvf\u00f6rtroendet hos Emvico.<\/span><\/p>\n<p>[\/et_pb_team_member][et_pb_team_member name=&#8221;Najem Seddiqi&#8221; position=&#8221;Utvecklare&#8221; image_url=&#8221;https:\/\/www.emvico.se\/wp-content\/uploads\/2024\/10\/Najem-Seddiqi.jpg&#8221; linkedin_url=&#8221;https:\/\/www.linkedin.com\/in\/najemseddiqi\/&#8221; icon_color=&#8221;#4BA4DD&#8221; module_class=&#8221;em-person-card&#8221; _builder_version=&#8221;4.27.2&#8243; _module_preset=&#8221;default&#8221; header_font=&#8221;&#8211;et_global_body_font|700|||||||&#8221; header_text_color=&#8221;#C69C46&#8243; header_font_size=&#8221;1.25rem&#8221; position_font=&#8221;|600|||||||&#8221; position_text_color=&#8221;#4BA4DD&#8221; position_font_size=&#8221;1rem&#8221; border_width_all=&#8221;0px&#8221; border_width_all_image=&#8221;1px&#8221; border_color_all_image=&#8221;#C69C46&#8243; global_colors_info=&#8221;{}&#8221;]<\/p>\n<p><span>L\u00f6ser exakt det som beh\u00f6vs och \u00f6nskas av kunden, samtidigt som han s\u00e4kerst\u00e4ller l\u00e5ngsiktig h\u00e5llbarhet och skalbarhet. Sinnesbilden av vad det inneb\u00e4r att vara en professionell utvecklare.<\/span><\/p>\n<p>[\/et_pb_team_member][\/et_pb_column][\/et_pb_row][\/et_pb_section]<\/p>\n","protected":false},"excerpt":{"rendered":"<p>Emvico grundades 2014 av Rickard Falk, Fredrik Andersson och Fredrik Lundkvist, som tidigare arbetat tillsammans p\u00e5 ledande tekniska och chefspositioner hos Sigma\/Nexer, Sveriges st\u00f6rsta IT-f\u00f6retag. Med en \u00f6nskan om att sj\u00e4lva kunna v\u00e4lja vilka projekt de engagerade sig i, valde de att starta Emvico \u2013 en IT-partner med fokus p\u00e5 att leverera mjukvaruutveckling i form [&hellip;]<\/p>\n","protected":false},"author":2,"featured_media":0,"parent":0,"menu_order":0,"comment_status":"closed","ping_status":"closed","template":"","meta":{"_et_pb_use_builder":"on","_et_pb_old_content":"<!-- wp:divi\/placeholder \/-->","_et_gb_content_width":"","inline_featured_image":false,"footnotes":""},"class_list":["post-206","page","type-page","status-publish","hentry"],"yoast_head":"<!-- This site is optimized with the Yoast SEO plugin v27.3 - https:\/\/yoast.com\/product\/yoast-seo-wordpress\/ -->\n<title>Emvico - Din IT-partner f\u00f6r mjukvaruutveckling och projektleveranser<\/title>\n<meta name=\"description\" content=\"Emvico grundades av ledande tekniker fr\u00e5n Sigma\/Nexer och erbjuder mjukvaruutveckling genom inhyrd kompetens och projektleveranser.\" \/>\n<meta name=\"robots\" content=\"index, follow, max-snippet:-1, max-image-preview:large, max-video-preview:-1\" \/>\n<link rel=\"canonical\" href=\"https:\/\/www.emvico.se\/en\/about-us\/\" \/>\n<meta property=\"og:locale\" content=\"en_US\" \/>\n<meta property=\"og:type\" content=\"article\" \/>\n<meta property=\"og:title\" content=\"Emvico - Din IT-partner f\u00f6r mjukvaruutveckling och projektleveranser\" \/>\n<meta property=\"og:description\" content=\"Emvico grundades av ledande tekniker fr\u00e5n Sigma\/Nexer och erbjuder mjukvaruutveckling genom inhyrd kompetens och projektleveranser.\" \/>\n<meta property=\"og:url\" content=\"https:\/\/www.emvico.se\/en\/about-us\/\" \/>\n<meta property=\"article:modified_time\" content=\"2026-01-07T08:02:55+00:00\" \/>\n<meta property=\"og:image\" content=\"https:\/\/www.emvico.se\/wp-content\/uploads\/2025\/08\/open-graph-default-image.jpg\" \/>\n\t<meta property=\"og:image:width\" content=\"1200\" \/>\n\t<meta property=\"og:image:height\" content=\"675\" \/>\n\t<meta property=\"og:image:type\" content=\"image\/jpeg\" \/>\n<script type=\"application\/ld+json\" class=\"yoast-schema-graph\">{\"@context\":\"https:\\\/\\\/schema.org\",\"@graph\":[{\"@type\":\"WebPage\",\"@id\":\"https:\\\/\\\/www.emvico.se\\\/about-us\\\/\",\"url\":\"https:\\\/\\\/www.emvico.se\\\/about-us\\\/\",\"name\":\"Emvico - Din IT-partner f\u00f6r mjukvaruutveckling och projektleveranser\",\"isPartOf\":{\"@id\":\"https:\\\/\\\/www.emvico.se\\\/#website\"},\"datePublished\":\"2024-05-13T06:23:33+00:00\",\"dateModified\":\"2026-01-07T08:02:55+00:00\",\"description\":\"Emvico grundades av ledande tekniker fr\u00e5n Sigma\\\/Nexer och erbjuder mjukvaruutveckling genom inhyrd kompetens och projektleveranser.\",\"breadcrumb\":{\"@id\":\"https:\\\/\\\/www.emvico.se\\\/about-us\\\/#breadcrumb\"},\"inLanguage\":\"en-US\",\"potentialAction\":[{\"@type\":\"ReadAction\",\"target\":[\"https:\\\/\\\/www.emvico.se\\\/about-us\\\/\"]}]},{\"@type\":\"BreadcrumbList\",\"@id\":\"https:\\\/\\\/www.emvico.se\\\/about-us\\\/#breadcrumb\",\"itemListElement\":[{\"@type\":\"ListItem\",\"position\":1,\"name\":\"Home\",\"item\":\"https:\\\/\\\/www.emvico.se\\\/\"},{\"@type\":\"ListItem\",\"position\":2,\"name\":\"About us\"}]},{\"@type\":\"WebSite\",\"@id\":\"https:\\\/\\\/www.emvico.se\\\/#website\",\"url\":\"https:\\\/\\\/www.emvico.se\\\/\",\"name\":\"Emvico.se\",\"description\":\"When it is important\",\"publisher\":{\"@id\":\"https:\\\/\\\/www.emvico.se\\\/#organization\"},\"alternateName\":\"Emvico\",\"potentialAction\":[{\"@type\":\"SearchAction\",\"target\":{\"@type\":\"EntryPoint\",\"urlTemplate\":\"https:\\\/\\\/www.emvico.se\\\/?s={search_term_string}\"},\"query-input\":{\"@type\":\"PropertyValueSpecification\",\"valueRequired\":true,\"valueName\":\"search_term_string\"}}],\"inLanguage\":\"en-US\"},{\"@type\":\"Organization\",\"@id\":\"https:\\\/\\\/www.emvico.se\\\/#organization\",\"name\":\"Emvico AB\",\"alternateName\":\"Emvico\",\"url\":\"https:\\\/\\\/www.emvico.se\\\/\",\"logo\":{\"@type\":\"ImageObject\",\"inLanguage\":\"en-US\",\"@id\":\"https:\\\/\\\/www.emvico.se\\\/#\\\/schema\\\/logo\\\/image\\\/\",\"url\":\"https:\\\/\\\/www.emvico.se\\\/wp-content\\\/uploads\\\/2024\\\/05\\\/emvico_logo_black.svg\",\"contentUrl\":\"https:\\\/\\\/www.emvico.se\\\/wp-content\\\/uploads\\\/2024\\\/05\\\/emvico_logo_black.svg\",\"width\":200,\"height\":48,\"caption\":\"Emvico AB\"},\"image\":{\"@id\":\"https:\\\/\\\/www.emvico.se\\\/#\\\/schema\\\/logo\\\/image\\\/\"},\"sameAs\":[\"https:\\\/\\\/www.linkedin.com\\\/company\\\/emvico-ab\\\/\"]}]}<\/script>\n<!-- \/ Yoast SEO plugin. -->","yoast_head_json":{"title":"Emvico - Din IT-partner f\u00f6r mjukvaruutveckling och projektleveranser","description":"Emvico grundades av ledande tekniker fr\u00e5n Sigma\/Nexer och erbjuder mjukvaruutveckling genom inhyrd kompetens och projektleveranser.","robots":{"index":"index","follow":"follow","max-snippet":"max-snippet:-1","max-image-preview":"max-image-preview:large","max-video-preview":"max-video-preview:-1"},"canonical":"https:\/\/www.emvico.se\/en\/about-us\/","og_locale":"en_US","og_type":"article","og_title":"Emvico - Din IT-partner f\u00f6r mjukvaruutveckling och projektleveranser","og_description":"Emvico grundades av ledande tekniker fr\u00e5n Sigma\/Nexer och erbjuder mjukvaruutveckling genom inhyrd kompetens och projektleveranser.","og_url":"https:\/\/www.emvico.se\/en\/about-us\/","article_modified_time":"2026-01-07T08:02:55+00:00","og_image":[{"width":1200,"height":675,"url":"https:\/\/www.emvico.se\/wp-content\/uploads\/2025\/08\/open-graph-default-image.jpg","type":"image\/jpeg"}],"schema":{"@context":"https:\/\/schema.org","@graph":[{"@type":"WebPage","@id":"https:\/\/www.emvico.se\/about-us\/","url":"https:\/\/www.emvico.se\/about-us\/","name":"Emvico - Din IT-partner f\u00f6r mjukvaruutveckling och projektleveranser","isPartOf":{"@id":"https:\/\/www.emvico.se\/#website"},"datePublished":"2024-05-13T06:23:33+00:00","dateModified":"2026-01-07T08:02:55+00:00","description":"Emvico grundades av ledande tekniker fr\u00e5n Sigma\/Nexer och erbjuder mjukvaruutveckling genom inhyrd kompetens och projektleveranser.","breadcrumb":{"@id":"https:\/\/www.emvico.se\/about-us\/#breadcrumb"},"inLanguage":"en-US","potentialAction":[{"@type":"ReadAction","target":["https:\/\/www.emvico.se\/about-us\/"]}]},{"@type":"BreadcrumbList","@id":"https:\/\/www.emvico.se\/about-us\/#breadcrumb","itemListElement":[{"@type":"ListItem","position":1,"name":"Home","item":"https:\/\/www.emvico.se\/"},{"@type":"ListItem","position":2,"name":"About us"}]},{"@type":"WebSite","@id":"https:\/\/www.emvico.se\/#website","url":"https:\/\/www.emvico.se\/","name":"Emvico.se","description":"When it is important","publisher":{"@id":"https:\/\/www.emvico.se\/#organization"},"alternateName":"Emvico","potentialAction":[{"@type":"SearchAction","target":{"@type":"EntryPoint","urlTemplate":"https:\/\/www.emvico.se\/?s={search_term_string}"},"query-input":{"@type":"PropertyValueSpecification","valueRequired":true,"valueName":"search_term_string"}}],"inLanguage":"en-US"},{"@type":"Organization","@id":"https:\/\/www.emvico.se\/#organization","name":"Emvico AB","alternateName":"Emvico","url":"https:\/\/www.emvico.se\/","logo":{"@type":"ImageObject","inLanguage":"en-US","@id":"https:\/\/www.emvico.se\/#\/schema\/logo\/image\/","url":"https:\/\/www.emvico.se\/wp-content\/uploads\/2024\/05\/emvico_logo_black.svg","contentUrl":"https:\/\/www.emvico.se\/wp-content\/uploads\/2024\/05\/emvico_logo_black.svg","width":200,"height":48,"caption":"Emvico AB"},"image":{"@id":"https:\/\/www.emvico.se\/#\/schema\/logo\/image\/"},"sameAs":["https:\/\/www.linkedin.com\/company\/emvico-ab\/"]}]}},"_links":{"self":[{"href":"https:\/\/www.emvico.se\/en\/wp-json\/wp\/v2\/pages\/206","targetHints":{"allow":["GET"]}}],"collection":[{"href":"https:\/\/www.emvico.se\/en\/wp-json\/wp\/v2\/pages"}],"about":[{"href":"https:\/\/www.emvico.se\/en\/wp-json\/wp\/v2\/types\/page"}],"author":[{"embeddable":true,"href":"https:\/\/www.emvico.se\/en\/wp-json\/wp\/v2\/users\/2"}],"replies":[{"embeddable":true,"href":"https:\/\/www.emvico.se\/en\/wp-json\/wp\/v2\/comments?post=206"}],"version-history":[{"count":48,"href":"https:\/\/www.emvico.se\/en\/wp-json\/wp\/v2\/pages\/206\/revisions"}],"predecessor-version":[{"id":7027,"href":"https:\/\/www.emvico.se\/en\/wp-json\/wp\/v2\/pages\/206\/revisions\/7027"}],"wp:attachment":[{"href":"https:\/\/www.emvico.se\/en\/wp-json\/wp\/v2\/media?parent=206"}],"curies":[{"name":"wp","href":"https:\/\/api.w.org\/{rel}","templated":true}]}}