{"id":4524,"date":"2024-05-31T09:43:22","date_gmt":"2024-05-31T08:43:22","guid":{"rendered":"http:\/\/40.113.51.165\/?page_id=4524"},"modified":"2025-10-22T10:36:41","modified_gmt":"2025-10-22T09:36:41","slug":"experiences","status":"publish","type":"page","link":"https:\/\/www.emvico.se\/en\/experiences\/","title":{"rendered":"Experiences"},"content":{"rendered":"<p>[et_pb_section fb_built=&#8221;1&#8243; admin_label=&#8221;Section&#8221; module_id=&#8221;em-page-experiences&#8221; _builder_version=&#8221;4.25.1&#8243; _module_preset=&#8221;default&#8221; background_color=&#8221;#ffffff&#8221; custom_margin=&#8221;0px|0px|0px|0px|false|false&#8221; custom_padding=&#8221;0px|0px|0px|0px|false|false&#8221; global_colors_info=&#8221;{}&#8221;][et_pb_row module_class=&#8221;em-row-company&#8221; _builder_version=&#8221;4.25.1&#8243; _module_preset=&#8221;default&#8221; global_colors_info=&#8221;{}&#8221;][et_pb_column type=&#8221;4_4&#8243; _builder_version=&#8221;4.25.1&#8243; _module_preset=&#8221;default&#8221; global_colors_info=&#8221;{}&#8221;][et_pb_heading title=&#8221;Erfarenheter p\u00e5 alla omr\u00e5den&#8221; _builder_version=&#8221;4.25.1&#8243; _module_preset=&#8221;default&#8221; title_level=&#8221;h1&#8243; title_font=&#8221;|700|||||||&#8221; global_colors_info=&#8221;{}&#8221;][\/et_pb_heading][et_pb_text _builder_version=&#8221;4.27.3&#8243; _module_preset=&#8221;default&#8221; global_colors_info=&#8221;{}&#8221;]<\/p>\n<p><span style=\"font-weight: 400;\">Med l\u00e5ng erfarenhet inom roller som chefsarkitekt, lead developer och senior arkitekt, har vi en bred och djup f\u00f6rst\u00e5else f\u00f6r att designa och bygga olika typer av system. Vi arbetar noggrant f\u00f6r att s\u00e4kerst\u00e4lla att varje projekt uppfyller b\u00e5de kortsiktiga och l\u00e5ngsiktiga m\u00e5l.<\/span><\/p>\n<p>[\/et_pb_text][et_pb_text _builder_version=&#8221;4.27.3&#8243; _module_preset=&#8221;default&#8221; global_colors_info=&#8221;{}&#8221;]<\/p>\n<p><span style=\"font-weight: 400;\">L\u00e5t oss ses och diskutera hur vi kan hj\u00e4lpa er med offensiv IT<\/span><\/p>\n<p>[\/et_pb_text][et_pb_button button_url=&#8221;\/contact\/&#8221; button_text=&#8221;Boka ett m\u00f6te&#8221; button_alignment=&#8221;right&#8221; module_class=&#8221;em-button&#8221; _builder_version=&#8221;4.27.3&#8243; _module_preset=&#8221;74c203bb-f696-45df-b3d5-54707c846cec&#8221; custom_margin=&#8221;0px|0px|0px|0px|false|false&#8221; custom_padding=&#8221;0.5rem|3.4rem|0.5rem|2rem|false|false&#8221; locked=&#8221;off&#8221; global_colors_info=&#8221;{}&#8221;][\/et_pb_button][\/et_pb_column][\/et_pb_row][et_pb_row column_structure=&#8221;1_2,1_2&#8243; admin_label=&#8221;BuildBite&#8221; module_class=&#8221;em-row-company em-flex em-align-center&#8221; _builder_version=&#8221;4.27.4&#8243; _module_preset=&#8221;default&#8221; hover_enabled=&#8221;0&#8243; global_colors_info=&#8221;{}&#8221; sticky_enabled=&#8221;0&#8243;][et_pb_column type=&#8221;1_2&#8243; _builder_version=&#8221;4.25.1&#8243; _module_preset=&#8221;default&#8221; global_colors_info=&#8221;{}&#8221;][et_pb_image src=&#8221;https:\/\/www.emvico.se\/wp-content\/uploads\/2025\/10\/Buildbite-black.svg&#8221; title_text=&#8221;Buildbite logo&#8221; module_class=&#8221;em-company-logo&#8221; _builder_version=&#8221;4.27.4&#8243; _module_preset=&#8221;default&#8221; hover_enabled=&#8221;0&#8243; global_colors_info=&#8221;{}&#8221; alt=&#8221;Buildbite logo&#8221; sticky_enabled=&#8221;0&#8243;][\/et_pb_image][\/et_pb_column][et_pb_column type=&#8221;1_2&#8243; _builder_version=&#8221;4.25.1&#8243; _module_preset=&#8221;default&#8221; global_colors_info=&#8221;{}&#8221;][et_pb_heading title=&#8221;Kompetens f\u00f6r modern mjukvaruutveckling till BuildBite&#8221; module_class=&#8221;em-company-title&#8221; _builder_version=&#8221;4.27.4&#8243; _module_preset=&#8221;default&#8221; hover_enabled=&#8221;0&#8243; global_colors_info=&#8221;{}&#8221; sticky_enabled=&#8221;0&#8243;][\/et_pb_heading][et_pb_text module_class=&#8221;em-company-text&#8221; _builder_version=&#8221;4.27.4&#8243; _module_preset=&#8221;default&#8221; hover_enabled=&#8221;0&#8243; global_colors_info=&#8221;{}&#8221; sticky_enabled=&#8221;0&#8243;]<\/p>\n<p data-start=\"187\" data-end=\"474\">En snabbv\u00e4xande startup som digitaliserar byggbranschen och andra f\u00e4ltarbetsn\u00e4ra verksamheter. Plattformen samlar planering, kommunikation, tidrapportering och dokumentation p\u00e5 ett och samma st\u00e4lle f\u00f6r att f\u00f6renkla och effektivisera hela arbetsfl\u00f6det.<\/p>\n<p data-start=\"476\" data-end=\"808\">V\u00e5rt bidrag har varit att tillf\u00f6ra utvecklings- och QA-kompetens f\u00f6r att st\u00e4rka teamet i deras resa mot en skalbar, modern och kvalitetss\u00e4krad mjukvaruplattform.<\/p>\n<p>[\/et_pb_text][\/et_pb_column][\/et_pb_row][et_pb_row column_structure=&#8221;1_2,1_2&#8243; admin_label=&#8221;MJP&#8221; module_class=&#8221;em-row-company em-flex em-align-center&#8221; _builder_version=&#8221;4.27.4&#8243; _module_preset=&#8221;default&#8221; hover_enabled=&#8221;0&#8243; global_colors_info=&#8221;{}&#8221; sticky_enabled=&#8221;0&#8243;][et_pb_column type=&#8221;1_2&#8243; _builder_version=&#8221;4.25.1&#8243; _module_preset=&#8221;default&#8221; global_colors_info=&#8221;{}&#8221;][et_pb_image src=&#8221;https:\/\/www.emvico.se\/wp-content\/uploads\/2025\/10\/Marine-Jet-Power.svg&#8221; title_text=&#8221;Marine Jet Power logo&#8221; module_class=&#8221;em-company-logo&#8221; _builder_version=&#8221;4.27.4&#8243; _module_preset=&#8221;default&#8221; hover_enabled=&#8221;0&#8243; global_colors_info=&#8221;{}&#8221; alt=&#8221;Marine Jet Power logo&#8221; sticky_enabled=&#8221;0&#8243;][\/et_pb_image][\/et_pb_column][et_pb_column type=&#8221;1_2&#8243; _builder_version=&#8221;4.25.1&#8243; _module_preset=&#8221;default&#8221; global_colors_info=&#8221;{}&#8221;][et_pb_heading title=&#8221;Skr\u00e4ddarsydda verksamhetskritiska system f\u00f6r MJP&#8221; module_class=&#8221;em-company-title&#8221; _builder_version=&#8221;4.27.4&#8243; _module_preset=&#8221;default&#8221; hover_enabled=&#8221;0&#8243; global_colors_info=&#8221;{}&#8221; sticky_enabled=&#8221;0&#8243;][\/et_pb_heading][et_pb_text module_class=&#8221;em-company-text&#8221; _builder_version=&#8221;4.27.4&#8243; _module_preset=&#8221;default&#8221; hover_enabled=&#8221;0&#8243; global_colors_info=&#8221;{}&#8221; sticky_enabled=&#8221;0&#8243;]<\/p>\n<p>Utveckling av ett skr\u00e4ddarsytt system som st\u00f6djer deras verksamhetskritiska processer. L\u00f6sningen togs fram i n\u00e4ra dialog med deras team och \u00e4r anpassad f\u00f6r att m\u00f6ta b\u00e5de tekniska och operativa krav inom en komplex, global organisation. Resultatet blev ett robust och framtidss\u00e4kert system som bidrar till \u00f6kad tillf\u00f6rlitlighet, effektivare arbetsfl\u00f6den och b\u00e4ttre beslutsst\u00f6d i deras dagliga verksamhet.<\/p>\n<p>[\/et_pb_text][\/et_pb_column][\/et_pb_row][et_pb_row column_structure=&#8221;1_2,1_2&#8243; admin_label=&#8221;H&#038;M&#8221; module_class=&#8221;em-row-company em-flex em-align-center&#8221; _builder_version=&#8221;4.25.1&#8243; _module_preset=&#8221;default&#8221; global_colors_info=&#8221;{}&#8221;][et_pb_column type=&#8221;1_2&#8243; _builder_version=&#8221;4.25.1&#8243; _module_preset=&#8221;default&#8221; global_colors_info=&#8221;{}&#8221;][et_pb_image src=&#8221;https:\/\/www.emvico.se\/wp-content\/uploads\/2024\/05\/HM.svg&#8221; title_text=&#8221;H&#038;M logo&#8221; module_class=&#8221;em-company-logo&#8221; _builder_version=&#8221;4.25.1&#8243; _module_preset=&#8221;default&#8221; global_colors_info=&#8221;{}&#8221;][\/et_pb_image][\/et_pb_column][et_pb_column type=&#8221;1_2&#8243; _builder_version=&#8221;4.25.1&#8243; _module_preset=&#8221;default&#8221; global_colors_info=&#8221;{}&#8221;][et_pb_heading title=&#8221;Global drift &#038; SLA f\u00f6r H&#038;M&#8221; module_class=&#8221;em-company-title&#8221; _builder_version=&#8221;4.25.1&#8243; _module_preset=&#8221;default&#8221; global_colors_info=&#8221;{}&#8221;][\/et_pb_heading][et_pb_text module_class=&#8221;em-company-text&#8221; _builder_version=&#8221;4.25.1&#8243; _module_preset=&#8221;default&#8221; global_colors_info=&#8221;{}&#8221;]Utveckling, implementation och upps\u00e4ttning av infrastruktur och f\u00f6rvaltning\/support f\u00f6r H&amp;M&#8217;s multikanall\u00f6sning som hanterade SMS och e-post relaterat till all e-handel och postorder i 75 l\u00e4nder. H\u00f6ga krav p\u00e5 tillg\u00e4nglighet med 24\/7 applikations-SLA.[\/et_pb_text][\/et_pb_column][\/et_pb_row][et_pb_row column_structure=&#8221;1_2,1_2&#8243; admin_label=&#8221;DSTNY&#8221; module_class=&#8221;em-row-company em-flex em-align-center&#8221; _builder_version=&#8221;4.25.1&#8243; _module_preset=&#8221;default&#8221; global_colors_info=&#8221;{}&#8221;][et_pb_column type=&#8221;1_2&#8243; module_class=&#8221;em-company-column em-flex&#8221; _builder_version=&#8221;4.25.1&#8243; _module_preset=&#8221;default&#8221; global_colors_info=&#8221;{}&#8221;][et_pb_image src=&#8221;https:\/\/www.emvico.se\/wp-content\/uploads\/2024\/05\/Dstny.svg&#8221; title_text=&#8221;Dstny logo&#8221; module_class=&#8221;em-company-logo&#8221; _builder_version=&#8221;4.25.1&#8243; _module_preset=&#8221;default&#8221; global_colors_info=&#8221;{}&#8221;][\/et_pb_image][\/et_pb_column][et_pb_column type=&#8221;1_2&#8243; _builder_version=&#8221;4.25.1&#8243; _module_preset=&#8221;default&#8221; global_colors_info=&#8221;{}&#8221;][et_pb_heading title=&#8221;Deadline &#038; ansvarstagande f\u00f6r DSTNY&#8221; module_class=&#8221;em-company-title&#8221; _builder_version=&#8221;4.25.1&#8243; _module_preset=&#8221;default&#8221; global_colors_info=&#8221;{}&#8221;][\/et_pb_heading][et_pb_text module_class=&#8221;em-company-text&#8221; _builder_version=&#8221;4.25.1&#8243; _module_preset=&#8221;default&#8221; global_colors_info=&#8221;{}&#8221;]P\u00e5 elva m\u00e5nader utvecklades med tv\u00e5 utvecklare ett nytt routing och billingsystem som skulle ers\u00e4tta ett befintligt &#8211; med 15 \u00e5rs utveckling bakom sig &#8211; mot en mycket h\u00e5rd deadline. Hundratusentals abonnemang porterades och startades j\u00e4mte all korrekt trafik- och databer\u00e4kning p\u00e5 utsatt datum.[\/et_pb_text][et_pb_text module_class=&#8221;em-company-text&#8221; _builder_version=&#8221;4.27.3&#8243; _module_preset=&#8221;default&#8221; global_colors_info=&#8221;{}&#8221;]<\/p>\n<blockquote>\n<p>\u201dInsatsen och det engagemang som ni visat f\u00f6r denna och tidigare release \u00e4r inget annat \u00e4n extraordin\u00e4rt. Omfattningen av den h\u00e4r releasen var enorm, och f\u00f6r att vara \u00e4rlig verkade det ibland som en om\u00f6jlig uppgift. Genom engagemang och obevekligt h\u00e5rt arbete har vi uppn\u00e5tt v\u00e5r st\u00f6rsta release n\u00e5gonsin, b\u00e5de vad g\u00e4ller inneh\u00e5ll och de sp\u00e4nnande nya funktionerna vi tillf\u00f6r v\u00e5ra kunder. Att m\u00f6ta deadlines med kvalitet och bra funktionalitet \u00e4r det som har gett oss ett s\u00e5 gott rykte idag och det \u00e4r super.\u201d &#8211; Kristian Karlsson, Produktchet DSTNY<\/p>\n<\/blockquote>\n<p>[\/et_pb_text][\/et_pb_column][\/et_pb_row][et_pb_row column_structure=&#8221;1_2,1_2&#8243; admin_label=&#8221;Swedbank&#8221; module_class=&#8221;em-row-company em-flex em-align-center&#8221; _builder_version=&#8221;4.25.1&#8243; _module_preset=&#8221;default&#8221; global_colors_info=&#8221;{}&#8221;][et_pb_column type=&#8221;1_2&#8243; module_class=&#8221;em-company-column em-flex&#8221; _builder_version=&#8221;4.25.1&#8243; _module_preset=&#8221;default&#8221; global_colors_info=&#8221;{}&#8221;][et_pb_image src=&#8221;https:\/\/www.emvico.se\/wp-content\/uploads\/2024\/05\/Swedbank.svg&#8221; title_text=&#8221;Swedbank logo&#8221; module_class=&#8221;em-company-logo&#8221; _builder_version=&#8221;4.25.1&#8243; _module_preset=&#8221;default&#8221; global_colors_info=&#8221;{}&#8221;][\/et_pb_image][\/et_pb_column][et_pb_column type=&#8221;1_2&#8243; _builder_version=&#8221;4.25.1&#8243; _module_preset=&#8221;default&#8221; global_colors_info=&#8221;{}&#8221;][et_pb_heading title=&#8221;PCI-certifiering f\u00f6r Swedbank&#8221; module_class=&#8221;em-company-title&#8221; _builder_version=&#8221;4.25.1&#8243; _module_preset=&#8221;default&#8221; global_colors_info=&#8221;{}&#8221;][\/et_pb_heading][et_pb_text module_class=&#8221;em-company-text&#8221; _builder_version=&#8221;4.25.1&#8243; _module_preset=&#8221;default&#8221; global_colors_info=&#8221;{}&#8221;]Tekniskt ansvarig och utf\u00f6rare av \u00e5tg\u00e4rder\/setup\/konfig f\u00f6r Swedbanks BART, vilket vid test och certifiering ledde till omd\u00f6met &#8221;One of the best implementations we have ever seen&#8221; fr\u00e5n certifieringsutf\u00e4rdaren.[\/et_pb_text][\/et_pb_column][\/et_pb_row][et_pb_row column_structure=&#8221;1_2,1_2&#8243; admin_label=&#8221;TUI&#8221; module_class=&#8221;em-row-company em-flex em-align-center&#8221; _builder_version=&#8221;4.25.1&#8243; _module_preset=&#8221;default&#8221; global_colors_info=&#8221;{}&#8221;][et_pb_column type=&#8221;1_2&#8243; _builder_version=&#8221;4.25.1&#8243; _module_preset=&#8221;default&#8221; global_colors_info=&#8221;{}&#8221;][et_pb_image src=&#8221;https:\/\/www.emvico.se\/wp-content\/uploads\/2024\/05\/TUI-2016.svg&#8221; title_text=&#8221;TUI (2016) logo&#8221; module_class=&#8221;em-company-logo&#8221; _builder_version=&#8221;4.25.1&#8243; _module_preset=&#8221;default&#8221; global_colors_info=&#8221;{}&#8221;][\/et_pb_image][\/et_pb_column][et_pb_column type=&#8221;1_2&#8243; _builder_version=&#8221;4.25.1&#8243; _module_preset=&#8221;default&#8221; global_colors_info=&#8221;{}&#8221;][et_pb_heading title=&#8221;Enhetlig kundresa i internationell milj\u00f6 f\u00f6r TUI&#8221; module_class=&#8221;em-company-title&#8221; _builder_version=&#8221;4.25.1&#8243; _module_preset=&#8221;default&#8221; global_colors_info=&#8221;{}&#8221;][\/et_pb_heading][et_pb_text module_class=&#8221;em-company-text&#8221; _builder_version=&#8221;4.25.1&#8243; _module_preset=&#8221;default&#8221; global_colors_info=&#8221;{}&#8221;]Strategi och arkitektur f\u00f6r TUI&#8217;s innovativa kundresa med information och tv\u00e5v\u00e4gskommunikation f\u00f6re, under och efter resan.[\/et_pb_text][\/et_pb_column][\/et_pb_row][et_pb_row column_structure=&#8221;1_2,1_2&#8243; admin_label=&#8221;Rusta, Hal\u00e9ns, Office Depot m fl&#8221; module_class=&#8221;em-row-company em-flex em-align-center&#8221; _builder_version=&#8221;4.25.1&#8243; _module_preset=&#8221;default&#8221; global_colors_info=&#8221;{}&#8221;][et_pb_column type=&#8221;1_2&#8243; module_class=&#8221;em-company-column em-flex&#8221; _builder_version=&#8221;4.25.1&#8243; _module_preset=&#8221;default&#8221; global_colors_info=&#8221;{}&#8221;][et_pb_image src=&#8221;https:\/\/www.emvico.se\/wp-content\/uploads\/2024\/05\/Rusta.svg&#8221; title_text=&#8221;Rusta logo&#8221; module_class=&#8221;em-company-logo&#8221; _builder_version=&#8221;4.25.1&#8243; _module_preset=&#8221;default&#8221; global_colors_info=&#8221;{}&#8221;][\/et_pb_image][\/et_pb_column][et_pb_column type=&#8221;1_2&#8243; _builder_version=&#8221;4.25.1&#8243; _module_preset=&#8221;default&#8221; global_colors_info=&#8221;{}&#8221;][et_pb_heading title=&#8221;E-Handel f\u00f6r Rusta, Hal\u00e9ns, Office Depot m fl&#8221; module_class=&#8221;em-company-title&#8221; _builder_version=&#8221;4.25.1&#8243; _module_preset=&#8221;default&#8221; global_colors_info=&#8221;{}&#8221;][\/et_pb_heading][et_pb_text module_class=&#8221;em-company-text&#8221; _builder_version=&#8221;4.25.1&#8243; _module_preset=&#8221;default&#8221; global_colors_info=&#8221;{}&#8221;]Tekniskt lead i projekt f\u00f6r att bygga e-handelssajter med tillh\u00f6rande processt\u00f6d f\u00f6r ett antal svenska varum\u00e4rken.[\/et_pb_text][\/et_pb_column][\/et_pb_row][et_pb_row column_structure=&#8221;1_2,1_2&#8243; admin_label=&#8221;New Wave, Hal\u00e9ns m fl&#8221; module_class=&#8221;em-row-company em-flex em-align-center&#8221; _builder_version=&#8221;4.25.1&#8243; _module_preset=&#8221;default&#8221; global_colors_info=&#8221;{}&#8221;][et_pb_column type=&#8221;1_2&#8243; module_class=&#8221;em-company-column em-flex&#8221; _builder_version=&#8221;4.25.1&#8243; _module_preset=&#8221;default&#8221; global_colors_info=&#8221;{}&#8221;][et_pb_image src=&#8221;https:\/\/www.emvico.se\/wp-content\/uploads\/2024\/05\/Halens.svg&#8221; title_text=&#8221;Halens logo&#8221; module_class=&#8221;em-company-logo&#8221; _builder_version=&#8221;4.25.1&#8243; _module_preset=&#8221;default&#8221; global_colors_info=&#8221;{}&#8221;][\/et_pb_image][\/et_pb_column][et_pb_column type=&#8221;1_2&#8243; _builder_version=&#8221;4.25.1&#8243; _module_preset=&#8221;default&#8221; global_colors_info=&#8221;{}&#8221;][et_pb_heading title=&#8221;PIM f\u00f6r New Wave Group, Hal\u00e9ns m fl&#8221; module_class=&#8221;em-company-title&#8221; _builder_version=&#8221;4.25.1&#8243; _module_preset=&#8221;default&#8221; global_colors_info=&#8221;{}&#8221;][\/et_pb_heading][et_pb_text module_class=&#8221;em-company-text&#8221; _builder_version=&#8221;4.25.1&#8243; _module_preset=&#8221;default&#8221; global_colors_info=&#8221;{}&#8221;]Expert\/Tech Lead p\u00e5 PIM-implementationer f\u00f6r att f\u00f6rs\u00f6rja multikanalstrategi med webb, e-handel, mobil och katalog.[\/et_pb_text][\/et_pb_column][\/et_pb_row][et_pb_row column_structure=&#8221;1_2,1_2&#8243; admin_label=&#8221;SF Bio&#8221; module_class=&#8221;em-row-company em-flex em-align-center&#8221; _builder_version=&#8221;4.25.1&#8243; _module_preset=&#8221;default&#8221; global_colors_info=&#8221;{}&#8221;][et_pb_column type=&#8221;1_2&#8243; module_class=&#8221;em-company-column em-flex&#8221; _builder_version=&#8221;4.25.1&#8243; _module_preset=&#8221;default&#8221; global_colors_info=&#8221;{}&#8221;][et_pb_image src=&#8221;https:\/\/www.emvico.se\/wp-content\/uploads\/2024\/05\/SF-Bio-1998-2018.svg&#8221; title_text=&#8221;SF Bio (1998-2018) logo&#8221; module_class=&#8221;em-company-logo&#8221; _builder_version=&#8221;4.25.1&#8243; _module_preset=&#8221;default&#8221; global_colors_info=&#8221;{}&#8221;][\/et_pb_image][\/et_pb_column][et_pb_column type=&#8221;1_2&#8243; _builder_version=&#8221;4.25.1&#8243; _module_preset=&#8221;default&#8221; global_colors_info=&#8221;{}&#8221;][et_pb_heading title=&#8221;Maxprestanda f\u00f6r SF Bio&#8221; module_class=&#8221;em-company-title&#8221; _builder_version=&#8221;4.25.1&#8243; _module_preset=&#8221;default&#8221; global_colors_info=&#8221;{}&#8221;][\/et_pb_heading][et_pb_text module_class=&#8221;em-company-text&#8221; _builder_version=&#8221;4.25.1&#8243; _module_preset=&#8221;default&#8221; global_colors_info=&#8221;{}&#8221;]Tech Lead f\u00f6r det som d\u00e5 var SF Bios webb, d\u00e4r kraven p\u00e5 samtidighet och prestanda f\u00f6r peakdagar som annandag jul var de tuffaste som fanns.[\/et_pb_text][\/et_pb_column][\/et_pb_row][et_pb_row column_structure=&#8221;1_2,1_2&#8243; admin_label=&#8221;Fortum&#8221; module_class=&#8221;em-row-company em-flex em-align-center&#8221; _builder_version=&#8221;4.25.1&#8243; _module_preset=&#8221;default&#8221; global_colors_info=&#8221;{}&#8221;][et_pb_column type=&#8221;1_2&#8243; module_class=&#8221;em-company-column em-flex&#8221; _builder_version=&#8221;4.25.1&#8243; _module_preset=&#8221;default&#8221; global_colors_info=&#8221;{}&#8221;][et_pb_image src=&#8221;https:\/\/www.emvico.se\/wp-content\/uploads\/2024\/05\/Fortum.svg&#8221; title_text=&#8221;Fortum logo&#8221; module_class=&#8221;em-company-logo&#8221; _builder_version=&#8221;4.25.1&#8243; _module_preset=&#8221;default&#8221; global_colors_info=&#8221;{}&#8221;][\/et_pb_image][\/et_pb_column][et_pb_column type=&#8221;1_2&#8243; _builder_version=&#8221;4.25.1&#8243; _module_preset=&#8221;default&#8221; global_colors_info=&#8221;{}&#8221;][et_pb_heading title=&#8221;Maximal tillg\u00e4nglighet f\u00f6r Fortum&#8221; module_class=&#8221;em-company-title&#8221; _builder_version=&#8221;4.25.1&#8243; _module_preset=&#8221;default&#8221; global_colors_info=&#8221;{}&#8221;][\/et_pb_heading][et_pb_text module_class=&#8221;em-company-text&#8221; _builder_version=&#8221;4.25.1&#8243; _module_preset=&#8221;default&#8221; global_colors_info=&#8221;{}&#8221;]Implementation och infrastruktur\/drift\/SLA f\u00f6r Fortums informationsl\u00f6sning kopplad till eln\u00e4tet, d\u00e4r st\u00f6rningar, avbrott och \u00e5tg\u00e4rdsstatus samlades i ett s\u00e4kert system med maximal tillg\u00e4nglighet.[\/et_pb_text][\/et_pb_column][\/et_pb_row][et_pb_row column_structure=&#8221;1_2,1_2&#8243; admin_label=&#8221;Thermo-Calc&#8221; module_class=&#8221;em-row-company em-flex em-align-center&#8221; _builder_version=&#8221;4.25.1&#8243; _module_preset=&#8221;default&#8221; global_colors_info=&#8221;{}&#8221;][et_pb_column type=&#8221;1_2&#8243; module_class=&#8221;em-company-column em-flex&#8221; _builder_version=&#8221;4.25.1&#8243; _module_preset=&#8221;default&#8221; global_colors_info=&#8221;{}&#8221;][et_pb_image src=&#8221;https:\/\/www.emvico.se\/wp-content\/uploads\/2024\/06\/Thermocalc-alt.svg&#8221; title_text=&#8221;Thermo-Calc logo&#8221; module_class=&#8221;em-company-logo&#8221; _builder_version=&#8221;4.25.1&#8243; _module_preset=&#8221;default&#8221; global_colors_info=&#8221;{}&#8221;][\/et_pb_image][\/et_pb_column][et_pb_column type=&#8221;1_2&#8243; _builder_version=&#8221;4.25.1&#8243; _module_preset=&#8221;default&#8221; global_colors_info=&#8221;{}&#8221;][et_pb_heading title=&#8221;Strategikonsult f\u00f6r v\u00e4rldsledande techbolag&#8221; module_class=&#8221;em-company-title&#8221; _builder_version=&#8221;4.25.1&#8243; _module_preset=&#8221;default&#8221; global_colors_info=&#8221;{}&#8221;][\/et_pb_heading][et_pb_text module_class=&#8221;em-company-text&#8221; _builder_version=&#8221;4.25.1&#8243; _module_preset=&#8221;default&#8221; global_colors_info=&#8221;{}&#8221;]<\/p>\n<p>Seniort konsultst\u00f6d f\u00f6r ThermoCalcs ledning som resulterade i en ny organisationsstruktur, en remote first-strategi f\u00f6r rekrytering, inf\u00f6rande av produkt\u00e4gare (project management), skapande av Must Win Battles\/strategi och en 2030-vision f\u00f6r att m\u00f6ta existentiella risker mm.<\/p>\n<p>[\/et_pb_text][\/et_pb_column][\/et_pb_row][et_pb_row module_class=&#8221;em-row-company&#8221; _builder_version=&#8221;4.25.1&#8243; _module_preset=&#8221;default&#8221; global_colors_info=&#8221;{}&#8221;][et_pb_column type=&#8221;4_4&#8243; _builder_version=&#8221;4.25.1&#8243; _module_preset=&#8221;default&#8221; global_colors_info=&#8221;{}&#8221;][et_pb_button button_url=&#8221;\/contact\/&#8221; button_text=&#8221;Kontakta oss&#8221; button_alignment=&#8221;right&#8221; module_class=&#8221;em-button&#8221; _builder_version=&#8221;4.27.0&#8243; _module_preset=&#8221;74c203bb-f696-45df-b3d5-54707c846cec&#8221; custom_margin=&#8221;0px|0px|0px|0px|false|false&#8221; custom_padding=&#8221;0.5rem|3.4rem|0.5rem|2rem|false|false&#8221; locked=&#8221;off&#8221; global_colors_info=&#8221;{}&#8221;][\/et_pb_button][\/et_pb_column][\/et_pb_row][\/et_pb_section]<\/p>\n","protected":false},"excerpt":{"rendered":"<p>Med l\u00e5ng erfarenhet inom roller som chefsarkitekt, lead developer och senior arkitekt, har vi en bred och djup f\u00f6rst\u00e5else f\u00f6r att designa och bygga olika typer av system. Vi arbetar noggrant f\u00f6r att s\u00e4kerst\u00e4lla att varje projekt uppfyller b\u00e5de kortsiktiga och l\u00e5ngsiktiga m\u00e5l.L\u00e5t oss ses och diskutera hur vi kan hj\u00e4lpa er med offensiv ITEn [&hellip;]<\/p>\n","protected":false},"author":2,"featured_media":0,"parent":0,"menu_order":0,"comment_status":"closed","ping_status":"closed","template":"","meta":{"_et_pb_use_builder":"on","_et_pb_old_content":"[et_pb_section fb_built=\"1\" admin_label=\"Section\" module_id=\"em-page-experiences\" _builder_version=\"4.25.1\" _module_preset=\"default\" background_color=\"#ffffff\" custom_margin=\"0px|0px|0px|0px|false|false\" custom_padding=\"0px|0px|0px|0px|false|false\" global_colors_info=\"{}\"][et_pb_row column_structure=\"1_2,1_2\" admin_label=\"H&amp;M\" module_class=\"em-row-company em-flex em-align-center\" _builder_version=\"4.25.1\" _module_preset=\"default\" global_colors_info=\"{}\"][et_pb_column type=\"1_2\" _builder_version=\"4.25.1\" _module_preset=\"default\" global_colors_info=\"{}\"][et_pb_image src=\"http:\/\/40.113.51.165\/wp-content\/uploads\/2024\/05\/HM.svg\" title_text=\"H&amp;M logo\" module_class=\"em-company-logo\" _builder_version=\"4.25.1\" _module_preset=\"default\" global_colors_info=\"{}\"][\/et_pb_image][\/et_pb_column][et_pb_column type=\"1_2\" _builder_version=\"4.25.1\" _module_preset=\"default\" global_colors_info=\"{}\"][et_pb_heading title=\"Global drift &amp; SLA f\u00f6r H&amp;M\" module_class=\"em-company-title\" _builder_version=\"4.25.1\" _module_preset=\"default\" global_colors_info=\"{}\"][\/et_pb_heading][et_pb_text module_class=\"em-company-text\" _builder_version=\"4.25.1\" _module_preset=\"default\" global_colors_info=\"{}\"]\n\nUtveckling, implementation och upps\u00e4ttning av infrastruktur och f\u00f6rvaltning\/support f\u00f6r H&amp;M's multikanall\u00f6sning som hanterade SMS och e-post relaterat till all e-handel och postorder i 75 l\u00e4nder. H\u00f6ga krav p\u00e5 tillg\u00e4nglighet med 24\/7 applikations-SLA.\n\n[\/et_pb_text][\/et_pb_column][\/et_pb_row][et_pb_row column_structure=\"1_2,1_2\" admin_label=\"TUI\" module_class=\"em-row-company em-flex em-align-center\" _builder_version=\"4.25.1\" _module_preset=\"default\" global_colors_info=\"{}\"][et_pb_column type=\"1_2\" _builder_version=\"4.25.1\" _module_preset=\"default\" global_colors_info=\"{}\"][et_pb_image src=\"http:\/\/40.113.51.165\/wp-content\/uploads\/2024\/05\/TUI-2016.svg\" title_text=\"TUI (2016)\" module_class=\"em-company-logo\" _builder_version=\"4.25.1\" _module_preset=\"default\" global_colors_info=\"{}\"][\/et_pb_image][\/et_pb_column][et_pb_column type=\"1_2\" _builder_version=\"4.25.1\" _module_preset=\"default\" global_colors_info=\"{}\"][et_pb_heading title=\"Enhetlig kundresa i internationell milj\u00f6 f\u00f6r TUI\" module_class=\"em-company-title\" _builder_version=\"4.25.1\" _module_preset=\"default\" global_colors_info=\"{}\"][\/et_pb_heading][et_pb_text module_class=\"em-company-text\" _builder_version=\"4.25.1\" _module_preset=\"default\" global_colors_info=\"{}\"]\n\nStrategi och arkitektur f\u00f6r TUI's innovativa kundresa med information och tv\u00e5v\u00e4gskommunikation f\u00f6re, under och efter resan.\n\n[\/et_pb_text][\/et_pb_column][\/et_pb_row][et_pb_row column_structure=\"1_2,1_2\" admin_label=\"Rusta, Hal\u00e9ns, Office Depot m fl\" module_class=\"em-row-company em-flex em-align-center\" _builder_version=\"4.25.1\" _module_preset=\"default\" global_colors_info=\"{}\"][et_pb_column type=\"1_2\" module_class=\"em-company-column em-flex\" _builder_version=\"4.25.1\" _module_preset=\"default\" global_colors_info=\"{}\"][et_pb_image src=\"http:\/\/40.113.51.165\/wp-content\/uploads\/2024\/05\/Rusta.svg\" title_text=\"Rusta\" module_class=\"em-company-logo\" _builder_version=\"4.25.1\" _module_preset=\"default\" global_colors_info=\"{}\"][\/et_pb_image][\/et_pb_column][et_pb_column type=\"1_2\" _builder_version=\"4.25.1\" _module_preset=\"default\" global_colors_info=\"{}\"][et_pb_heading title=\"E-Handel f\u00f6r Rusta, Hal\u00e9ns, Office Depot m fl\" module_class=\"em-company-title\" _builder_version=\"4.25.1\" _module_preset=\"default\" global_colors_info=\"{}\"][\/et_pb_heading][et_pb_text module_class=\"em-company-text\" _builder_version=\"4.25.1\" _module_preset=\"default\" global_colors_info=\"{}\"]\n\nTekniskt lead i projekt f\u00f6r att bygga e-handelssajter med tillh\u00f6rande processt\u00f6d f\u00f6r ett antal svenska varum\u00e4rken.\n\n[\/et_pb_text][\/et_pb_column][\/et_pb_row][et_pb_row column_structure=\"1_2,1_2\" admin_label=\"New Wave, Hal\u00e9ns m fl\" module_class=\"em-row-company em-flex em-align-center\" _builder_version=\"4.25.1\" _module_preset=\"default\" global_colors_info=\"{}\"][et_pb_column type=\"1_2\" module_class=\"em-company-column em-flex\" _builder_version=\"4.25.1\" _module_preset=\"default\" global_colors_info=\"{}\"][et_pb_image src=\"http:\/\/40.113.51.165\/wp-content\/uploads\/2024\/05\/Halens.svg\" title_text=\"Halens logo\" module_class=\"em-company-logo\" _builder_version=\"4.25.1\" _module_preset=\"default\" global_colors_info=\"{}\"][\/et_pb_image][\/et_pb_column][et_pb_column type=\"1_2\" _builder_version=\"4.25.1\" _module_preset=\"default\" global_colors_info=\"{}\"][et_pb_heading title=\"PIM f\u00f6r New Wave Group, Hal\u00e9ns m fl\" module_class=\"em-company-title\" _builder_version=\"4.25.1\" _module_preset=\"default\" global_colors_info=\"{}\"][\/et_pb_heading][et_pb_text module_class=\"em-company-text\" _builder_version=\"4.25.1\" _module_preset=\"default\" global_colors_info=\"{}\"]\n\nExpert\/Tech Lead p\u00e5 PIM-implementationer f\u00f6r att f\u00f6rs\u00f6rja multikanalstrategi med webb, e-handel, mobil och katalog.\n\n[\/et_pb_text][\/et_pb_column][\/et_pb_row][et_pb_row column_structure=\"1_2,1_2\" admin_label=\"Swedbank\" module_class=\"em-row-company em-flex em-align-center\" _builder_version=\"4.25.1\" _module_preset=\"default\" global_colors_info=\"{}\"][et_pb_column type=\"1_2\" module_class=\"em-company-column em-flex\" _builder_version=\"4.25.1\" _module_preset=\"default\" global_colors_info=\"{}\"][et_pb_image src=\"http:\/\/40.113.51.165\/wp-content\/uploads\/2024\/05\/Swedbank.svg\" title_text=\"Swedbank logo\" module_class=\"em-company-logo\" _builder_version=\"4.25.1\" _module_preset=\"default\" global_colors_info=\"{}\"][\/et_pb_image][\/et_pb_column][et_pb_column type=\"1_2\" _builder_version=\"4.25.1\" _module_preset=\"default\" global_colors_info=\"{}\"][et_pb_heading title=\"PCI certifiering f\u00f6r Swedbank\" module_class=\"em-company-title\" _builder_version=\"4.25.1\" _module_preset=\"default\" global_colors_info=\"{}\"][\/et_pb_heading][et_pb_text module_class=\"em-company-text\" _builder_version=\"4.25.1\" _module_preset=\"default\" global_colors_info=\"{}\"]\n\nTekniskt ansvarig och utf\u00f6rare av \u00e5tg\u00e4rder\/setup\/konfig f\u00f6r Swedbanks BART, vilket vid test och certifiering ledde till omd\u00f6met \"One of the best implementations we have ever seen\" fr\u00e5n certifieringsutf\u00e4rdaren.\n\n[\/et_pb_text][\/et_pb_column][\/et_pb_row][et_pb_row column_structure=\"1_2,1_2\" admin_label=\"SF Bio\" module_class=\"em-row-company em-flex em-align-center\" _builder_version=\"4.25.1\" _module_preset=\"default\" global_colors_info=\"{}\"][et_pb_column type=\"1_2\" module_class=\"em-company-column em-flex\" _builder_version=\"4.25.1\" _module_preset=\"default\" global_colors_info=\"{}\"][et_pb_image src=\"http:\/\/40.113.51.165\/wp-content\/uploads\/2024\/05\/SF-Bio-1998-2018.svg\" title_text=\"SF Bio (1998-2018) logo\" module_class=\"em-company-logo\" _builder_version=\"4.25.1\" _module_preset=\"default\" global_colors_info=\"{}\"][\/et_pb_image][\/et_pb_column][et_pb_column type=\"1_2\" _builder_version=\"4.25.1\" _module_preset=\"default\" global_colors_info=\"{}\"][et_pb_heading title=\"Maxprestanda f\u00f6r SF Bio\" module_class=\"em-company-title\" _builder_version=\"4.25.1\" _module_preset=\"default\" global_colors_info=\"{}\"][\/et_pb_heading][et_pb_text module_class=\"em-company-text\" _builder_version=\"4.25.1\" _module_preset=\"default\" global_colors_info=\"{}\"]\n\nTech Lead f\u00f6r det som d\u00e5 var SF Bios webb, d\u00e4r kraven p\u00e5 samtidighet och prestanda f\u00f6r peakdagar som annandag jul var de tuffaste som fanns.\n\n[\/et_pb_text][\/et_pb_column][\/et_pb_row][et_pb_row column_structure=\"1_2,1_2\" admin_label=\"Fortum\" module_class=\"em-row-company em-flex em-align-center\" _builder_version=\"4.25.1\" _module_preset=\"default\" global_colors_info=\"{}\"][et_pb_column type=\"1_2\" module_class=\"em-company-column em-flex\" _builder_version=\"4.25.1\" _module_preset=\"default\" global_colors_info=\"{}\"][et_pb_image src=\"http:\/\/40.113.51.165\/wp-content\/uploads\/2024\/05\/Fortum.svg\" title_text=\"Fortum logo\" module_class=\"em-company-logo\" _builder_version=\"4.25.1\" _module_preset=\"default\" global_colors_info=\"{}\"][\/et_pb_image][\/et_pb_column][et_pb_column type=\"1_2\" _builder_version=\"4.25.1\" _module_preset=\"default\" global_colors_info=\"{}\"][et_pb_heading title=\"Maximal tillg\u00e4nglighet f\u00f6r Fortum\" module_class=\"em-company-title\" _builder_version=\"4.25.1\" _module_preset=\"default\" global_colors_info=\"{}\"][\/et_pb_heading][et_pb_text module_class=\"em-company-text\" _builder_version=\"4.25.1\" _module_preset=\"default\" global_colors_info=\"{}\"]\n\nImplementation och infrastruktur\/drift\/SLA f\u00f6r Fortums informationsl\u00f6sning kopplad till eln\u00e4tet, d\u00e4r st\u00f6rningar, avbrott och \u00e5tg\u00e4rdsstatus samlades i ett s\u00e4kert system med maximal tillg\u00e4nglighet.\n\n[\/et_pb_text][\/et_pb_column][\/et_pb_row][et_pb_row column_structure=\"1_2,1_2\" admin_label=\"DSTNY\" module_class=\"em-row-company em-flex em-align-center\" _builder_version=\"4.25.1\" _module_preset=\"default\" global_colors_info=\"{}\"][et_pb_column type=\"1_2\" module_class=\"em-company-column em-flex\" _builder_version=\"4.25.1\" _module_preset=\"default\" global_colors_info=\"{}\"][et_pb_image src=\"http:\/\/40.113.51.165\/wp-content\/uploads\/2024\/05\/Dstny.svg\" title_text=\"Dstny logo\" module_class=\"em-company-logo\" _builder_version=\"4.25.1\" _module_preset=\"default\" global_colors_info=\"{}\"][\/et_pb_image][\/et_pb_column][et_pb_column type=\"1_2\" _builder_version=\"4.25.1\" _module_preset=\"default\" global_colors_info=\"{}\"][et_pb_heading title=\"Deadline\/ansvarstagande f\u00f6r DSTNY\" module_class=\"em-company-title\" _builder_version=\"4.25.1\" _module_preset=\"default\" global_colors_info=\"{}\"][\/et_pb_heading][et_pb_text module_class=\"em-company-text\" _builder_version=\"4.25.1\" _module_preset=\"default\" global_colors_info=\"{}\"]\n\nP\u00e5 elva m\u00e5nader utvecklades med tv\u00e5 utvecklare ett nytt routing och billingsystem som skulle ers\u00e4tta ett befintligt - med 15 \u00e5rs utveckling bakom sig - mot en mycket h\u00e5rd deadline. Hundratusentals abonnemang porterades och startades j\u00e4mte all korrekt trafik- och databer\u00e4kning p\u00e5 utsatt datum.\n\n[\/et_pb_text][\/et_pb_column][\/et_pb_row][\/et_pb_section]","_et_gb_content_width":"","inline_featured_image":false,"footnotes":""},"class_list":["post-4524","page","type-page","status-publish","hentry"],"yoast_head":"<!-- This site is optimized with the Yoast SEO plugin v27.3 - https:\/\/yoast.com\/product\/yoast-seo-wordpress\/ -->\n<title>Erfaren systemdesign och utveckling f\u00f6r l\u00e5ngsiktig framg\u00e5ng<\/title>\n<meta name=\"description\" content=\"Med bred erfarenhet inom arkitektur och utveckling, designar och bygger vi system som m\u00f6ter era behov, med fokus p\u00e5 b\u00e5de kort- och l\u00e5ngsiktig framg\u00e5ng\" \/>\n<meta name=\"robots\" content=\"index, follow, max-snippet:-1, max-image-preview:large, max-video-preview:-1\" \/>\n<link rel=\"canonical\" href=\"https:\/\/www.emvico.se\/en\/experiences\/\" \/>\n<meta property=\"og:locale\" content=\"en_US\" \/>\n<meta property=\"og:type\" content=\"article\" \/>\n<meta property=\"og:title\" content=\"Erfaren systemdesign och utveckling f\u00f6r l\u00e5ngsiktig framg\u00e5ng\" \/>\n<meta property=\"og:description\" content=\"Med bred erfarenhet inom arkitektur och utveckling, designar och bygger vi system som m\u00f6ter era behov, med fokus p\u00e5 b\u00e5de kort- och l\u00e5ngsiktig framg\u00e5ng\" \/>\n<meta property=\"og:url\" content=\"https:\/\/www.emvico.se\/en\/experiences\/\" \/>\n<meta property=\"article:modified_time\" content=\"2025-10-22T09:36:41+00:00\" \/>\n<meta property=\"og:image\" content=\"https:\/\/www.emvico.se\/wp-content\/uploads\/2025\/08\/open-graph-default-image.jpg\" \/>\n\t<meta property=\"og:image:width\" content=\"1200\" \/>\n\t<meta property=\"og:image:height\" content=\"675\" \/>\n\t<meta property=\"og:image:type\" content=\"image\/jpeg\" \/>\n<script type=\"application\/ld+json\" class=\"yoast-schema-graph\">{\"@context\":\"https:\\\/\\\/schema.org\",\"@graph\":[{\"@type\":\"WebPage\",\"@id\":\"https:\\\/\\\/www.emvico.se\\\/experiences\\\/\",\"url\":\"https:\\\/\\\/www.emvico.se\\\/experiences\\\/\",\"name\":\"Erfaren systemdesign och utveckling f\u00f6r l\u00e5ngsiktig framg\u00e5ng\",\"isPartOf\":{\"@id\":\"https:\\\/\\\/www.emvico.se\\\/#website\"},\"datePublished\":\"2024-05-31T08:43:22+00:00\",\"dateModified\":\"2025-10-22T09:36:41+00:00\",\"description\":\"Med bred erfarenhet inom arkitektur och utveckling, designar och bygger vi system som m\u00f6ter era behov, med fokus p\u00e5 b\u00e5de kort- och l\u00e5ngsiktig framg\u00e5ng\",\"breadcrumb\":{\"@id\":\"https:\\\/\\\/www.emvico.se\\\/experiences\\\/#breadcrumb\"},\"inLanguage\":\"en-US\",\"potentialAction\":[{\"@type\":\"ReadAction\",\"target\":[\"https:\\\/\\\/www.emvico.se\\\/experiences\\\/\"]}]},{\"@type\":\"BreadcrumbList\",\"@id\":\"https:\\\/\\\/www.emvico.se\\\/experiences\\\/#breadcrumb\",\"itemListElement\":[{\"@type\":\"ListItem\",\"position\":1,\"name\":\"Home\",\"item\":\"https:\\\/\\\/www.emvico.se\\\/\"},{\"@type\":\"ListItem\",\"position\":2,\"name\":\"Experiences\"}]},{\"@type\":\"WebSite\",\"@id\":\"https:\\\/\\\/www.emvico.se\\\/#website\",\"url\":\"https:\\\/\\\/www.emvico.se\\\/\",\"name\":\"Emvico.se\",\"description\":\"When it is important\",\"publisher\":{\"@id\":\"https:\\\/\\\/www.emvico.se\\\/#organization\"},\"alternateName\":\"Emvico\",\"potentialAction\":[{\"@type\":\"SearchAction\",\"target\":{\"@type\":\"EntryPoint\",\"urlTemplate\":\"https:\\\/\\\/www.emvico.se\\\/?s={search_term_string}\"},\"query-input\":{\"@type\":\"PropertyValueSpecification\",\"valueRequired\":true,\"valueName\":\"search_term_string\"}}],\"inLanguage\":\"en-US\"},{\"@type\":\"Organization\",\"@id\":\"https:\\\/\\\/www.emvico.se\\\/#organization\",\"name\":\"Emvico AB\",\"alternateName\":\"Emvico\",\"url\":\"https:\\\/\\\/www.emvico.se\\\/\",\"logo\":{\"@type\":\"ImageObject\",\"inLanguage\":\"en-US\",\"@id\":\"https:\\\/\\\/www.emvico.se\\\/#\\\/schema\\\/logo\\\/image\\\/\",\"url\":\"https:\\\/\\\/www.emvico.se\\\/wp-content\\\/uploads\\\/2024\\\/05\\\/emvico_logo_black.svg\",\"contentUrl\":\"https:\\\/\\\/www.emvico.se\\\/wp-content\\\/uploads\\\/2024\\\/05\\\/emvico_logo_black.svg\",\"width\":200,\"height\":48,\"caption\":\"Emvico AB\"},\"image\":{\"@id\":\"https:\\\/\\\/www.emvico.se\\\/#\\\/schema\\\/logo\\\/image\\\/\"},\"sameAs\":[\"https:\\\/\\\/www.linkedin.com\\\/company\\\/emvico-ab\\\/\"]}]}<\/script>\n<!-- \/ Yoast SEO plugin. -->","yoast_head_json":{"title":"Erfaren systemdesign och utveckling f\u00f6r l\u00e5ngsiktig framg\u00e5ng","description":"Med bred erfarenhet inom arkitektur och utveckling, designar och bygger vi system som m\u00f6ter era behov, med fokus p\u00e5 b\u00e5de kort- och l\u00e5ngsiktig framg\u00e5ng","robots":{"index":"index","follow":"follow","max-snippet":"max-snippet:-1","max-image-preview":"max-image-preview:large","max-video-preview":"max-video-preview:-1"},"canonical":"https:\/\/www.emvico.se\/en\/experiences\/","og_locale":"en_US","og_type":"article","og_title":"Erfaren systemdesign och utveckling f\u00f6r l\u00e5ngsiktig framg\u00e5ng","og_description":"Med bred erfarenhet inom arkitektur och utveckling, designar och bygger vi system som m\u00f6ter era behov, med fokus p\u00e5 b\u00e5de kort- och l\u00e5ngsiktig framg\u00e5ng","og_url":"https:\/\/www.emvico.se\/en\/experiences\/","article_modified_time":"2025-10-22T09:36:41+00:00","og_image":[{"width":1200,"height":675,"url":"https:\/\/www.emvico.se\/wp-content\/uploads\/2025\/08\/open-graph-default-image.jpg","type":"image\/jpeg"}],"schema":{"@context":"https:\/\/schema.org","@graph":[{"@type":"WebPage","@id":"https:\/\/www.emvico.se\/experiences\/","url":"https:\/\/www.emvico.se\/experiences\/","name":"Erfaren systemdesign och utveckling f\u00f6r l\u00e5ngsiktig framg\u00e5ng","isPartOf":{"@id":"https:\/\/www.emvico.se\/#website"},"datePublished":"2024-05-31T08:43:22+00:00","dateModified":"2025-10-22T09:36:41+00:00","description":"Med bred erfarenhet inom arkitektur och utveckling, designar och bygger vi system som m\u00f6ter era behov, med fokus p\u00e5 b\u00e5de kort- och l\u00e5ngsiktig framg\u00e5ng","breadcrumb":{"@id":"https:\/\/www.emvico.se\/experiences\/#breadcrumb"},"inLanguage":"en-US","potentialAction":[{"@type":"ReadAction","target":["https:\/\/www.emvico.se\/experiences\/"]}]},{"@type":"BreadcrumbList","@id":"https:\/\/www.emvico.se\/experiences\/#breadcrumb","itemListElement":[{"@type":"ListItem","position":1,"name":"Home","item":"https:\/\/www.emvico.se\/"},{"@type":"ListItem","position":2,"name":"Experiences"}]},{"@type":"WebSite","@id":"https:\/\/www.emvico.se\/#website","url":"https:\/\/www.emvico.se\/","name":"Emvico.se","description":"When it is important","publisher":{"@id":"https:\/\/www.emvico.se\/#organization"},"alternateName":"Emvico","potentialAction":[{"@type":"SearchAction","target":{"@type":"EntryPoint","urlTemplate":"https:\/\/www.emvico.se\/?s={search_term_string}"},"query-input":{"@type":"PropertyValueSpecification","valueRequired":true,"valueName":"search_term_string"}}],"inLanguage":"en-US"},{"@type":"Organization","@id":"https:\/\/www.emvico.se\/#organization","name":"Emvico AB","alternateName":"Emvico","url":"https:\/\/www.emvico.se\/","logo":{"@type":"ImageObject","inLanguage":"en-US","@id":"https:\/\/www.emvico.se\/#\/schema\/logo\/image\/","url":"https:\/\/www.emvico.se\/wp-content\/uploads\/2024\/05\/emvico_logo_black.svg","contentUrl":"https:\/\/www.emvico.se\/wp-content\/uploads\/2024\/05\/emvico_logo_black.svg","width":200,"height":48,"caption":"Emvico AB"},"image":{"@id":"https:\/\/www.emvico.se\/#\/schema\/logo\/image\/"},"sameAs":["https:\/\/www.linkedin.com\/company\/emvico-ab\/"]}]}},"_links":{"self":[{"href":"https:\/\/www.emvico.se\/en\/wp-json\/wp\/v2\/pages\/4524","targetHints":{"allow":["GET"]}}],"collection":[{"href":"https:\/\/www.emvico.se\/en\/wp-json\/wp\/v2\/pages"}],"about":[{"href":"https:\/\/www.emvico.se\/en\/wp-json\/wp\/v2\/types\/page"}],"author":[{"embeddable":true,"href":"https:\/\/www.emvico.se\/en\/wp-json\/wp\/v2\/users\/2"}],"replies":[{"embeddable":true,"href":"https:\/\/www.emvico.se\/en\/wp-json\/wp\/v2\/comments?post=4524"}],"version-history":[{"count":54,"href":"https:\/\/www.emvico.se\/en\/wp-json\/wp\/v2\/pages\/4524\/revisions"}],"predecessor-version":[{"id":6950,"href":"https:\/\/www.emvico.se\/en\/wp-json\/wp\/v2\/pages\/4524\/revisions\/6950"}],"wp:attachment":[{"href":"https:\/\/www.emvico.se\/en\/wp-json\/wp\/v2\/media?parent=4524"}],"curies":[{"name":"wp","href":"https:\/\/api.w.org\/{rel}","templated":true}]}}